{"id":73,"date":"2022-07-29T09:00:08","date_gmt":"2022-07-29T08:00:08","guid":{"rendered":"https:\/\/frivilligaresursgruppen.se\/?page_id=73"},"modified":"2026-03-19T16:33:40","modified_gmt":"2026-03-19T15:33:40","slug":"pressmaterial","status":"publish","type":"page","link":"https:\/\/frivilligaresursgruppen.se\/pressmaterial\/","title":{"rendered":"Informationsmaterial"},"content":{"rendered":"\n<p>Ladda hem olika original, bilder och presentationer som har med Frivilliga Resursgruppen att g\u00f6ra. Observera att vi numera anv\u00e4nder den best\u00e4mda formen Frivilliga Resursgruppen n\u00e4r FRG skrivs ut.<\/p>\n\n\n\n<p>Vid fr\u00e5gor kontakta:  <a href=\"frg@civil.se\" data-type=\"link\" data-id=\"frg@civil.se\">frg@civil.se<\/a><br><\/p>\n\n\n\n<div class=\"container-breakout frg-spacer-block frg-spacer-block--medium\">\n\n<\/div>\n\n\n<h2 class=\"wp-block-heading\">Information<\/h2>\n\n\n\n<p><strong>Faktablad FRG<\/strong><br>PDF med allm\u00e4n information om FRG.<br><strong><a href=\"https:\/\/frivilligaresursgruppen.se\/wp-content\/uploads\/2024\/11\/FRG-faktablad-januari-2024.pdf\">Ladda ned Faktablad FRG januari 2024<\/a><\/strong><\/p>\n\n\n\n<p><mark style=\"background-color:#FECE32\" class=\"has-inline-color\"><strong>Allm\u00e4n information<\/strong><br>Powerpoint-presentation som inneh\u00e5ller allm\u00e4n information om FRG:<br><a href=\"https:\/\/frivilligaresursgruppen.se\/wp-content\/uploads\/2025\/10\/Allman-information-om-FRG.-Tillsammans-bidrar-vi-till-totalforsvaret.pptx\">&#8221;Allm\u00e4n information om FRG. Tillsammans bidrar vi till totalf\u00f6rsvaret 2025-10-06.<\/a><\/mark><br><br><strong><a href=\"https:\/\/frivilligaresursgruppen.se\/wp-content\/uploads\/2025\/03\/Allman-information-om-FRG.pptx\" data-type=\"attachment\" data-id=\"9644\">Ladda ned Powerpoint-presentationen<\/a><\/strong> (\u00e4ldre variant)<br><\/p>\n\n\n\n<div class=\"container-breakout frg-spacer-block frg-spacer-block--medium\">\n\n<\/div>\n\n\n<h2 class=\"wp-block-heading\">Manual och loggor<\/h2>\n\n\n\n<p><strong>Manual f\u00f6r FRG:s visuella identitet<\/strong><br>Inneh\u00e5ller typsnitt, f\u00e4rger med mera om FRG:s visuella identitet.<br><a href=\"https:\/\/frivilligaresursgruppen.se\/wp-content\/uploads\/2022\/12\/FRG_Manual_v.4.3.pdf\"><strong>Ladda ned manual<\/strong><\/a><br><\/p>\n\n\n<div class=\"frg-press-block-outer\">\n\n    \n\n<div class=\"frg-press-block frg-press-block--files\">\n\n    <div class=\"row\">\n\n        \n            <div class=\"frg-press-block__col col-12 col-xl-6\">\n\n                <div class=\"frg-press-block__header\">\n\n                    <div class=\"frg-press-block__header__image-container\">\n\n                        <div class=\"frg-press-block__header__image-container__lightbox\">\n\n                            <div class=\"frg-press-block__header__image-container__lightbox__close\" tabindex=\"0\">\n                            <\/div>\n\n                            <img decoding=\"async\" src=\"https:\/\/frivilligaresursgruppen.se\/wp-content\/uploads\/2022\/08\/press-materials-example2.png\" srcset=\"https:\/\/frivilligaresursgruppen.se\/wp-content\/uploads\/2022\/08\/press-materials-example2-300x150.png 300w, https:\/\/frivilligaresursgruppen.se\/wp-content\/uploads\/2022\/08\/press-materials-example2.png 384w\" alt=\"\">\n\n                        <\/div>\n\n                        <div class=\"frg-press-block__header__image-container__image\">\n\n                            <img decoding=\"async\" src=\"https:\/\/frivilligaresursgruppen.se\/wp-content\/uploads\/2022\/08\/press-materials-example2.png\" srcset=\"https:\/\/frivilligaresursgruppen.se\/wp-content\/uploads\/2022\/08\/press-materials-example2-300x150.png 300w, https:\/\/frivilligaresursgruppen.se\/wp-content\/uploads\/2022\/08\/press-materials-example2.png 384w\" alt=\"\">\n\n                        <\/div>\n\n                        \n                    <\/div>\n\n                    \n                        <h2 class=\"frg-press-block__header__title h4\">\n\n                            Logo i f\u00e4rg f\u00f6r vit bakgrund\n                        <\/h2>\n\n                        <p class=\"frg-press-block__header__text\">\n\n                            F\u00e5r enbart anv\u00e4ndas mot vit bakgrund\n                        <\/p>\n\n                    \n\n                <\/div>\n\n                <div class=\"frg-press-block__file-list\">\n\n                    \n                        <h3 class=\"frg-press-block__file-list__title h4\">\n\n                            Ladda ner logotyp\n                        <\/h3>\n\n                    \n                    \n                        <p class=\"frg-press-block__file-list__file\">\n\n                            <a class=\"frg-press-block__file-list__file__link\" download href=\"https:\/\/frivilligaresursgruppen.se\/wp-content\/uploads\/2023\/03\/FRG_logotyp_positiv.jpg\">\n\n                                F\u00f6r webben                            \n                            <\/a>\n\n                        <\/p>\n\n                    \n            \t<\/div>\n            <\/div>\n        \n            <div class=\"frg-press-block__col col-12 col-xl-6\">\n\n                <div class=\"frg-press-block__header\">\n\n                    <div class=\"frg-press-block__header__image-container\">\n\n                        <div class=\"frg-press-block__header__image-container__lightbox\">\n\n                            <div class=\"frg-press-block__header__image-container__lightbox__close\" tabindex=\"0\">\n                            <\/div>\n\n                            <img decoding=\"async\" src=\"https:\/\/frivilligaresursgruppen.se\/wp-content\/uploads\/2022\/08\/press-materials-example.png\" srcset=\"https:\/\/frivilligaresursgruppen.se\/wp-content\/uploads\/2022\/08\/press-materials-example-300x150.png 300w, https:\/\/frivilligaresursgruppen.se\/wp-content\/uploads\/2022\/08\/press-materials-example.png 384w\" alt=\"\">\n\n                        <\/div>\n\n                        <div class=\"frg-press-block__header__image-container__image\">\n\n                            <img decoding=\"async\" src=\"https:\/\/frivilligaresursgruppen.se\/wp-content\/uploads\/2022\/08\/press-materials-example.png\" srcset=\"https:\/\/frivilligaresursgruppen.se\/wp-content\/uploads\/2022\/08\/press-materials-example-300x150.png 300w, https:\/\/frivilligaresursgruppen.se\/wp-content\/uploads\/2022\/08\/press-materials-example.png 384w\" alt=\"\">\n\n                        <\/div>\n\n                        \n                    <\/div>\n\n                    \n                        <h2 class=\"frg-press-block__header__title h4\">\n\n                            Logo i f\u00e4rg f\u00f6r bl\u00e5 bakgrund\n                        <\/h2>\n\n                        <p class=\"frg-press-block__header__text\">\n\n                            F\u00e5r enbart anv\u00e4ndas mot bl\u00e5 bakgrund\n                        <\/p>\n\n                    \n\n                <\/div>\n\n                <div class=\"frg-press-block__file-list\">\n\n                    \n                        <h3 class=\"frg-press-block__file-list__title h4\">\n\n                            Ladda ner logotyp\n                        <\/h3>\n\n                    \n                    \n                        <p class=\"frg-press-block__file-list__file\">\n\n                            <a class=\"frg-press-block__file-list__file__link\" download href=\"https:\/\/frivilligaresursgruppen.se\/wp-content\/uploads\/2023\/03\/FRG_logotyp_negativ_cmyk.png\">\n\n                                F\u00f6r webben                            \n                            <\/a>\n\n                        <\/p>\n\n                    \n            \t<\/div>\n            <\/div>\n            <\/div>\n<\/div>\n<\/div>\n\n\n<h2 class=\"wp-block-heading\">Foldrar, annonser med mera<\/h2>\n\n\n<div class=\"frg-press-block-outer\">\n\n    \n\n<div class=\"frg-press-block frg-press-block--files\">\n\n    <div class=\"row\">\n\n        \n            <div class=\"frg-press-block__col col-12 col-xl-6\">\n\n                <div class=\"frg-press-block__header\">\n\n                    <div class=\"frg-press-block__header__image-container\">\n\n                        <div class=\"frg-press-block__header__image-container__lightbox\">\n\n                            <div class=\"frg-press-block__header__image-container__lightbox__close\" tabindex=\"0\">\n                            <\/div>\n\n                            <img decoding=\"async\" src=\"https:\/\/frivilligaresursgruppen.se\/wp-content\/uploads\/2022\/12\/FRG-folder-Framsida-Redo-for-vasten-tryckoriginal-Version-200610-231x300-1.jpg\" srcset=\"\" alt=\"\">\n\n                        <\/div>\n\n                        <div class=\"frg-press-block__header__image-container__image\">\n\n                            <img decoding=\"async\" src=\"https:\/\/frivilligaresursgruppen.se\/wp-content\/uploads\/2022\/12\/FRG-folder-Framsida-Redo-for-vasten-tryckoriginal-Version-200610-231x300-1.jpg\" srcset=\"\" alt=\"\">\n\n                        <\/div>\n\n                        \n                    <\/div>\n\n                    \n                        <h2 class=\"frg-press-block__header__title h4\">\n\n                            FRG-folder &#8221;Redo f\u00f6r v\u00e4sten&#8221;\n                        <\/h2>\n\n                        <p class=\"frg-press-block__header__text\">\n\n                            Rekryterings- och informationsfolder f\u00f6r allm\u00e4nheten. \r\n\r\nFoldern \u00e4r f\u00e4rdigt tryckoriginal.\r\n\r\n\r\n<i>Foldern g\u00e5r att best\u00e4lla via info@civil.se<\/i> \r\n\r\n\n                        <\/p>\n\n                    \n\n                <\/div>\n\n                <div class=\"frg-press-block__file-list\">\n\n                    \n                        <h3 class=\"frg-press-block__file-list__title h4\">\n\n                            Ladda ner folder \n                        <\/h3>\n\n                    \n                    \n                        <p class=\"frg-press-block__file-list__file\">\n\n                            <a class=\"frg-press-block__file-list__file__link\" download href=\"https:\/\/frivilligaresursgruppen.se\/wp-content\/uploads\/2022\/12\/FRG-folder-Redo-for-vasten-tryckoriginal-Version-200610.pdf\">\n\n                                Redo f\u00f6r v\u00e4sten                            \n                            <\/a>\n\n                        <\/p>\n\n                    \n            \t<\/div>\n            <\/div>\n        \n            <div class=\"frg-press-block__col col-12 col-xl-6\">\n\n                <div class=\"frg-press-block__header\">\n\n                    <div class=\"frg-press-block__header__image-container\">\n\n                        <div class=\"frg-press-block__header__image-container__lightbox\">\n\n                            <div class=\"frg-press-block__header__image-container__lightbox__close\" tabindex=\"0\">\n                            <\/div>\n\n                            <img decoding=\"async\" src=\"https:\/\/frivilligaresursgruppen.se\/wp-content\/uploads\/2022\/12\/FRG-folder-En-vardefull-resurs-tryckoriginal-Version-200611-Framsida-211x300-1.jpg\" srcset=\"\" alt=\"\">\n\n                        <\/div>\n\n                        <div class=\"frg-press-block__header__image-container__image\">\n\n                            <img decoding=\"async\" src=\"https:\/\/frivilligaresursgruppen.se\/wp-content\/uploads\/2022\/12\/FRG-folder-En-vardefull-resurs-tryckoriginal-Version-200611-Framsida-211x300-1.jpg\" srcset=\"\" alt=\"\">\n\n                        <\/div>\n\n                        \n                    <\/div>\n\n                    \n                        <h2 class=\"frg-press-block__header__title h4\">\n\n                            FRG-folder &#8221;En v\u00e4rdefull resurs i kommunen&#8221;\n                        <\/h2>\n\n                        <p class=\"frg-press-block__header__text\">\n\n                            Informationsfolder f\u00f6r kommuner.  \r\n\r\n<br>\r\n<i>Foldern g\u00e5r att best\u00e4lla via info@civil.se<\/i> \n                        <\/p>\n\n                    \n\n                <\/div>\n\n                <div class=\"frg-press-block__file-list\">\n\n                    \n                        <h3 class=\"frg-press-block__file-list__title h4\">\n\n                            Ladda ner folder \n                        <\/h3>\n\n                    \n                    \n                        <p class=\"frg-press-block__file-list__file\">\n\n                            <a class=\"frg-press-block__file-list__file__link\" download href=\"https:\/\/frivilligaresursgruppen.se\/wp-content\/uploads\/2022\/12\/FRG-folder-En-vardefull-resurs-i-kommunen-tryckoriginal-Version-2006112.pdf\">\n\n                                En v\u00e4rdefull resurs i kommunen                            \n                            <\/a>\n\n                        <\/p>\n\n                    \n            \t<\/div>\n            <\/div>\n            <\/div>\n<\/div>\n<\/div>\n\n\n<h2 class=\"wp-block-heading\">Bilder<\/h2>\n\n\n\n<p>Bilderna f\u00e5r fritt anv\u00e4ndas i sammanhang som handlar om Frivilliga Resursgruppen (exempelvis media, info-sida om FRG hos r\u00e4ddningstj\u00e4nsten eller hos kommunen i \u00f6vrigt) dock inte i sammanhang f\u00f6r kommersiell vinning.<\/p>\n\n\n\n<p>Fotograf ska anges n\u00e4r bilderna anv\u00e4nds i externa sammanhang. <\/p>\n\n\n<div class=\"frg-press-block-outer\">\n\n    \n\n<div class=\"frg-press-block frg-press-block--images\">\n\n    <div class=\"row\">\n\n        \n            <div class=\"frg-press-block__col col-12 col-xl-3\">\n\n                <div class=\"frg-press-block__header\">\n\n                    <div class=\"frg-press-block__header__image-container\">\n\n                        <div class=\"frg-press-block__header__image-container__lightbox\">\n\n                            <div class=\"frg-press-block__header__image-container__lightbox__close\" tabindex=\"0\">\n                            <\/div>\n\n                            <img decoding=\"async\" src=\"https:\/\/frivilligaresursgruppen.se\/wp-content\/uploads\/2022\/12\/14-Insp-FRGfilm-Christian-Lindell-e1669909828760.jpg\" srcset=\"https:\/\/frivilligaresursgruppen.se\/wp-content\/uploads\/2022\/12\/14-Insp-FRGfilm-Christian-Lindell-e1669909828760-300x169.jpg 300w, https:\/\/frivilligaresursgruppen.se\/wp-content\/uploads\/2022\/12\/14-Insp-FRGfilm-Christian-Lindell-e1669909828760-1024x576.jpg 1024w, https:\/\/frivilligaresursgruppen.se\/wp-content\/uploads\/2022\/12\/14-Insp-FRGfilm-Christian-Lindell-e1669909828760-768x432.jpg 768w, https:\/\/frivilligaresursgruppen.se\/wp-content\/uploads\/2022\/12\/14-Insp-FRGfilm-Christian-Lindell-e1669909828760.jpg 1158w\" alt=\"\">\n\n                        <\/div>\n\n                        <div class=\"frg-press-block__header__image-container__image\">\n\n                            <img decoding=\"async\" src=\"https:\/\/frivilligaresursgruppen.se\/wp-content\/uploads\/2022\/12\/14-Insp-FRGfilm-Christian-Lindell-e1669909828760.jpg\" srcset=\"https:\/\/frivilligaresursgruppen.se\/wp-content\/uploads\/2022\/12\/14-Insp-FRGfilm-Christian-Lindell-e1669909828760-300x169.jpg 300w, https:\/\/frivilligaresursgruppen.se\/wp-content\/uploads\/2022\/12\/14-Insp-FRGfilm-Christian-Lindell-e1669909828760-1024x576.jpg 1024w, https:\/\/frivilligaresursgruppen.se\/wp-content\/uploads\/2022\/12\/14-Insp-FRGfilm-Christian-Lindell-e1669909828760-768x432.jpg 768w, https:\/\/frivilligaresursgruppen.se\/wp-content\/uploads\/2022\/12\/14-Insp-FRGfilm-Christian-Lindell-e1669909828760.jpg 1158w\" alt=\"\">\n\n                        <\/div>\n\n                        <a class=\"frg-press-block__header__image-container__zoom\" role=\"button\"><\/a>\n                    <\/div>\n\n                    \n\n                <\/div>\n\n                <div class=\"frg-press-block__file-list\">\n\n                    \n                    \n                        <p class=\"frg-press-block__file-list__file\">\n\n                            <a class=\"frg-press-block__file-list__file__link\" download href=\"https:\/\/frivilligaresursgruppen.se\/wp-content\/uploads\/2022\/12\/14-Insp-FRGfilm-Christian-Lindell-e1669909828760.jpg\">\n\n                                Bild fr\u00e5n filminspelning. Foto: Christian Lindell                            \n                            <\/a>\n\n                        <\/p>\n\n                    \n            \t<\/div>\n            <\/div>\n        \n            <div class=\"frg-press-block__col col-12 col-xl-3\">\n\n                <div class=\"frg-press-block__header\">\n\n                    <div class=\"frg-press-block__header__image-container\">\n\n                        <div class=\"frg-press-block__header__image-container__lightbox\">\n\n                            <div class=\"frg-press-block__header__image-container__lightbox__close\" tabindex=\"0\">\n                            <\/div>\n\n                            <img decoding=\"async\" src=\"https:\/\/frivilligaresursgruppen.se\/wp-content\/uploads\/2022\/08\/Insatser-image.jpeg\" srcset=\"https:\/\/frivilligaresursgruppen.se\/wp-content\/uploads\/2022\/08\/Insatser-image-300x145.jpeg 300w, https:\/\/frivilligaresursgruppen.se\/wp-content\/uploads\/2022\/08\/Insatser-image-1024x495.jpeg 1024w, https:\/\/frivilligaresursgruppen.se\/wp-content\/uploads\/2022\/08\/Insatser-image-768x371.jpeg 768w, https:\/\/frivilligaresursgruppen.se\/wp-content\/uploads\/2022\/08\/Insatser-image-1536x743.jpeg 1536w, https:\/\/frivilligaresursgruppen.se\/wp-content\/uploads\/2022\/08\/Insatser-image.jpeg 1836w\" alt=\"alt text here\">\n\n                        <\/div>\n\n                        <div class=\"frg-press-block__header__image-container__image\">\n\n                            <img decoding=\"async\" src=\"https:\/\/frivilligaresursgruppen.se\/wp-content\/uploads\/2022\/08\/Insatser-image.jpeg\" srcset=\"https:\/\/frivilligaresursgruppen.se\/wp-content\/uploads\/2022\/08\/Insatser-image-300x145.jpeg 300w, https:\/\/frivilligaresursgruppen.se\/wp-content\/uploads\/2022\/08\/Insatser-image-1024x495.jpeg 1024w, https:\/\/frivilligaresursgruppen.se\/wp-content\/uploads\/2022\/08\/Insatser-image-768x371.jpeg 768w, https:\/\/frivilligaresursgruppen.se\/wp-content\/uploads\/2022\/08\/Insatser-image-1536x743.jpeg 1536w, https:\/\/frivilligaresursgruppen.se\/wp-content\/uploads\/2022\/08\/Insatser-image.jpeg 1836w\" alt=\"alt text here\">\n\n                        <\/div>\n\n                        <a class=\"frg-press-block__header__image-container__zoom\" role=\"button\"><\/a>\n                    <\/div>\n\n                    \n\n                <\/div>\n\n                <div class=\"frg-press-block__file-list\">\n\n                    \n                    \n                        <p class=\"frg-press-block__file-list__file\">\n\n                            <a class=\"frg-press-block__file-list__file__link\" download href=\"https:\/\/frivilligaresursgruppen.se\/wp-content\/uploads\/2022\/08\/Insatser-image.jpeg\">\n\n                                Bild fr\u00e5n filminspelning. Foto: Christian Lindell                            \n                            <\/a>\n\n                        <\/p>\n\n                    \n            \t<\/div>\n            <\/div>\n        \n            <div class=\"frg-press-block__col col-12 col-xl-3\">\n\n                <div class=\"frg-press-block__header\">\n\n                    <div class=\"frg-press-block__header__image-container\">\n\n                        <div class=\"frg-press-block__header__image-container__lightbox\">\n\n                            <div class=\"frg-press-block__header__image-container__lightbox__close\" tabindex=\"0\">\n                            <\/div>\n\n                            <img decoding=\"async\" src=\"https:\/\/frivilligaresursgruppen.se\/wp-content\/uploads\/2022\/10\/21-Insp-FRGfilm-Christian-Lindell.jpg\" srcset=\"https:\/\/frivilligaresursgruppen.se\/wp-content\/uploads\/2022\/10\/21-Insp-FRGfilm-Christian-Lindell-300x200.jpg 300w, https:\/\/frivilligaresursgruppen.se\/wp-content\/uploads\/2022\/10\/21-Insp-FRGfilm-Christian-Lindell-1024x683.jpg 1024w, https:\/\/frivilligaresursgruppen.se\/wp-content\/uploads\/2022\/10\/21-Insp-FRGfilm-Christian-Lindell-768x512.jpg 768w, https:\/\/frivilligaresursgruppen.se\/wp-content\/uploads\/2022\/10\/21-Insp-FRGfilm-Christian-Lindell-1536x1024.jpg 1536w, https:\/\/frivilligaresursgruppen.se\/wp-content\/uploads\/2022\/10\/21-Insp-FRGfilm-Christian-Lindell.jpg 2048w\" alt=\"\">\n\n                        <\/div>\n\n                        <div class=\"frg-press-block__header__image-container__image\">\n\n                            <img decoding=\"async\" src=\"https:\/\/frivilligaresursgruppen.se\/wp-content\/uploads\/2022\/10\/21-Insp-FRGfilm-Christian-Lindell.jpg\" srcset=\"https:\/\/frivilligaresursgruppen.se\/wp-content\/uploads\/2022\/10\/21-Insp-FRGfilm-Christian-Lindell-300x200.jpg 300w, https:\/\/frivilligaresursgruppen.se\/wp-content\/uploads\/2022\/10\/21-Insp-FRGfilm-Christian-Lindell-1024x683.jpg 1024w, https:\/\/frivilligaresursgruppen.se\/wp-content\/uploads\/2022\/10\/21-Insp-FRGfilm-Christian-Lindell-768x512.jpg 768w, https:\/\/frivilligaresursgruppen.se\/wp-content\/uploads\/2022\/10\/21-Insp-FRGfilm-Christian-Lindell-1536x1024.jpg 1536w, https:\/\/frivilligaresursgruppen.se\/wp-content\/uploads\/2022\/10\/21-Insp-FRGfilm-Christian-Lindell.jpg 2048w\" alt=\"\">\n\n                        <\/div>\n\n                        <a class=\"frg-press-block__header__image-container__zoom\" role=\"button\"><\/a>\n                    <\/div>\n\n                    \n\n                <\/div>\n\n                <div class=\"frg-press-block__file-list\">\n\n                    \n                    \n                        <p class=\"frg-press-block__file-list__file\">\n\n                            <a class=\"frg-press-block__file-list__file__link\" download href=\"https:\/\/frivilligaresursgruppen.se\/wp-content\/uploads\/2022\/10\/21-Insp-FRGfilm-Christian-Lindell.jpg\">\n\n                                Bild fr\u00e5n filminspelning. Foto: Christian Lindell                            \n                            <\/a>\n\n                        <\/p>\n\n                    \n            \t<\/div>\n            <\/div>\n        \n            <div class=\"frg-press-block__col col-12 col-xl-3\">\n\n                <div class=\"frg-press-block__header\">\n\n                    <div class=\"frg-press-block__header__image-container\">\n\n                        <div class=\"frg-press-block__header__image-container__lightbox\">\n\n                            <div class=\"frg-press-block__header__image-container__lightbox__close\" tabindex=\"0\">\n                            <\/div>\n\n                            <img decoding=\"async\" src=\"https:\/\/frivilligaresursgruppen.se\/wp-content\/uploads\/2022\/12\/2-Insp-FRGfilm-Christian-Lindell.jpg\" srcset=\"https:\/\/frivilligaresursgruppen.se\/wp-content\/uploads\/2022\/12\/2-Insp-FRGfilm-Christian-Lindell-200x300.jpg 200w, https:\/\/frivilligaresursgruppen.se\/wp-content\/uploads\/2022\/12\/2-Insp-FRGfilm-Christian-Lindell-683x1024.jpg 683w, https:\/\/frivilligaresursgruppen.se\/wp-content\/uploads\/2022\/12\/2-Insp-FRGfilm-Christian-Lindell-768x1152.jpg 768w, https:\/\/frivilligaresursgruppen.se\/wp-content\/uploads\/2022\/12\/2-Insp-FRGfilm-Christian-Lindell-1024x1536.jpg 1024w, https:\/\/frivilligaresursgruppen.se\/wp-content\/uploads\/2022\/12\/2-Insp-FRGfilm-Christian-Lindell.jpg 1365w\" alt=\"\">\n\n                        <\/div>\n\n                        <div class=\"frg-press-block__header__image-container__image\">\n\n                            <img decoding=\"async\" src=\"https:\/\/frivilligaresursgruppen.se\/wp-content\/uploads\/2022\/12\/2-Insp-FRGfilm-Christian-Lindell.jpg\" srcset=\"https:\/\/frivilligaresursgruppen.se\/wp-content\/uploads\/2022\/12\/2-Insp-FRGfilm-Christian-Lindell-200x300.jpg 200w, https:\/\/frivilligaresursgruppen.se\/wp-content\/uploads\/2022\/12\/2-Insp-FRGfilm-Christian-Lindell-683x1024.jpg 683w, https:\/\/frivilligaresursgruppen.se\/wp-content\/uploads\/2022\/12\/2-Insp-FRGfilm-Christian-Lindell-768x1152.jpg 768w, https:\/\/frivilligaresursgruppen.se\/wp-content\/uploads\/2022\/12\/2-Insp-FRGfilm-Christian-Lindell-1024x1536.jpg 1024w, https:\/\/frivilligaresursgruppen.se\/wp-content\/uploads\/2022\/12\/2-Insp-FRGfilm-Christian-Lindell.jpg 1365w\" alt=\"\">\n\n                        <\/div>\n\n                        <a class=\"frg-press-block__header__image-container__zoom\" role=\"button\"><\/a>\n                    <\/div>\n\n                    \n\n                <\/div>\n\n                <div class=\"frg-press-block__file-list\">\n\n                    \n                    \n                        <p class=\"frg-press-block__file-list__file\">\n\n                            <a class=\"frg-press-block__file-list__file__link\" download href=\"https:\/\/frivilligaresursgruppen.se\/wp-content\/uploads\/2022\/12\/2-Insp-FRGfilm-Christian-Lindell.jpg\">\n\n                                Bild fr\u00e5n filminspelning. Foto: Christian Lindell                            \n                            <\/a>\n\n                        <\/p>\n\n                    \n            \t<\/div>\n            <\/div>\n        \n            <div class=\"frg-press-block__col col-12 col-xl-3\">\n\n                <div class=\"frg-press-block__header\">\n\n                    <div class=\"frg-press-block__header__image-container\">\n\n                        <div class=\"frg-press-block__header__image-container__lightbox\">\n\n                            <div class=\"frg-press-block__header__image-container__lightbox__close\" tabindex=\"0\">\n                            <\/div>\n\n                            <img decoding=\"async\" src=\"https:\/\/frivilligaresursgruppen.se\/wp-content\/uploads\/2022\/12\/16-Insp-FRGfilm-Christian-Lindell.jpg\" srcset=\"https:\/\/frivilligaresursgruppen.se\/wp-content\/uploads\/2022\/12\/16-Insp-FRGfilm-Christian-Lindell-300x200.jpg 300w, https:\/\/frivilligaresursgruppen.se\/wp-content\/uploads\/2022\/12\/16-Insp-FRGfilm-Christian-Lindell-1024x683.jpg 1024w, https:\/\/frivilligaresursgruppen.se\/wp-content\/uploads\/2022\/12\/16-Insp-FRGfilm-Christian-Lindell-768x512.jpg 768w, https:\/\/frivilligaresursgruppen.se\/wp-content\/uploads\/2022\/12\/16-Insp-FRGfilm-Christian-Lindell-1536x1024.jpg 1536w, https:\/\/frivilligaresursgruppen.se\/wp-content\/uploads\/2022\/12\/16-Insp-FRGfilm-Christian-Lindell.jpg 2048w\" alt=\"\">\n\n                        <\/div>\n\n                        <div class=\"frg-press-block__header__image-container__image\">\n\n                            <img decoding=\"async\" src=\"https:\/\/frivilligaresursgruppen.se\/wp-content\/uploads\/2022\/12\/16-Insp-FRGfilm-Christian-Lindell.jpg\" srcset=\"https:\/\/frivilligaresursgruppen.se\/wp-content\/uploads\/2022\/12\/16-Insp-FRGfilm-Christian-Lindell-300x200.jpg 300w, https:\/\/frivilligaresursgruppen.se\/wp-content\/uploads\/2022\/12\/16-Insp-FRGfilm-Christian-Lindell-1024x683.jpg 1024w, https:\/\/frivilligaresursgruppen.se\/wp-content\/uploads\/2022\/12\/16-Insp-FRGfilm-Christian-Lindell-768x512.jpg 768w, https:\/\/frivilligaresursgruppen.se\/wp-content\/uploads\/2022\/12\/16-Insp-FRGfilm-Christian-Lindell-1536x1024.jpg 1536w, https:\/\/frivilligaresursgruppen.se\/wp-content\/uploads\/2022\/12\/16-Insp-FRGfilm-Christian-Lindell.jpg 2048w\" alt=\"\">\n\n                        <\/div>\n\n                        <a class=\"frg-press-block__header__image-container__zoom\" role=\"button\"><\/a>\n                    <\/div>\n\n                    \n\n                <\/div>\n\n                <div class=\"frg-press-block__file-list\">\n\n                    \n                    \n                        <p class=\"frg-press-block__file-list__file\">\n\n                            <a class=\"frg-press-block__file-list__file__link\" download href=\"https:\/\/frivilligaresursgruppen.se\/wp-content\/uploads\/2022\/12\/16-Insp-FRGfilm-Christian-Lindell.jpg\">\n\n                                Bild fr\u00e5n filminspelning. Foto: Christian Lindell                            \n                            <\/a>\n\n                        <\/p>\n\n                    \n            \t<\/div>\n            <\/div>\n        \n            <div class=\"frg-press-block__col col-12 col-xl-3\">\n\n                <div class=\"frg-press-block__header\">\n\n                    <div class=\"frg-press-block__header__image-container\">\n\n                        <div class=\"frg-press-block__header__image-container__lightbox\">\n\n                            <div class=\"frg-press-block__header__image-container__lightbox__close\" tabindex=\"0\">\n                            <\/div>\n\n                            <img decoding=\"async\" src=\"https:\/\/frivilligaresursgruppen.se\/wp-content\/uploads\/2022\/12\/17-Insp-FRGfilm-Christian-Lindell.jpg\" srcset=\"https:\/\/frivilligaresursgruppen.se\/wp-content\/uploads\/2022\/12\/17-Insp-FRGfilm-Christian-Lindell-200x300.jpg 200w, https:\/\/frivilligaresursgruppen.se\/wp-content\/uploads\/2022\/12\/17-Insp-FRGfilm-Christian-Lindell-683x1024.jpg 683w, https:\/\/frivilligaresursgruppen.se\/wp-content\/uploads\/2022\/12\/17-Insp-FRGfilm-Christian-Lindell-768x1152.jpg 768w, https:\/\/frivilligaresursgruppen.se\/wp-content\/uploads\/2022\/12\/17-Insp-FRGfilm-Christian-Lindell-1024x1536.jpg 1024w, https:\/\/frivilligaresursgruppen.se\/wp-content\/uploads\/2022\/12\/17-Insp-FRGfilm-Christian-Lindell.jpg 1365w\" alt=\"\">\n\n                        <\/div>\n\n                        <div class=\"frg-press-block__header__image-container__image\">\n\n                            <img decoding=\"async\" src=\"https:\/\/frivilligaresursgruppen.se\/wp-content\/uploads\/2022\/12\/17-Insp-FRGfilm-Christian-Lindell.jpg\" srcset=\"https:\/\/frivilligaresursgruppen.se\/wp-content\/uploads\/2022\/12\/17-Insp-FRGfilm-Christian-Lindell-200x300.jpg 200w, https:\/\/frivilligaresursgruppen.se\/wp-content\/uploads\/2022\/12\/17-Insp-FRGfilm-Christian-Lindell-683x1024.jpg 683w, https:\/\/frivilligaresursgruppen.se\/wp-content\/uploads\/2022\/12\/17-Insp-FRGfilm-Christian-Lindell-768x1152.jpg 768w, https:\/\/frivilligaresursgruppen.se\/wp-content\/uploads\/2022\/12\/17-Insp-FRGfilm-Christian-Lindell-1024x1536.jpg 1024w, https:\/\/frivilligaresursgruppen.se\/wp-content\/uploads\/2022\/12\/17-Insp-FRGfilm-Christian-Lindell.jpg 1365w\" alt=\"\">\n\n                        <\/div>\n\n                        <a class=\"frg-press-block__header__image-container__zoom\" role=\"button\"><\/a>\n                    <\/div>\n\n                    \n\n                <\/div>\n\n                <div class=\"frg-press-block__file-list\">\n\n                    \n                    \n                        <p class=\"frg-press-block__file-list__file\">\n\n                            <a class=\"frg-press-block__file-list__file__link\" download href=\"https:\/\/frivilligaresursgruppen.se\/wp-content\/uploads\/2022\/12\/17-Insp-FRGfilm-Christian-Lindell.jpg\">\n\n                                Bild fr\u00e5n filminspelning. Foto: Christian Lindell                            \n                            <\/a>\n\n                        <\/p>\n\n                    \n            \t<\/div>\n            <\/div>\n        \n            <div class=\"frg-press-block__col col-12 col-xl-3\">\n\n                <div class=\"frg-press-block__header\">\n\n                    <div class=\"frg-press-block__header__image-container\">\n\n                        <div class=\"frg-press-block__header__image-container__lightbox\">\n\n                            <div class=\"frg-press-block__header__image-container__lightbox__close\" tabindex=\"0\">\n                            <\/div>\n\n                            <img decoding=\"async\" src=\"https:\/\/frivilligaresursgruppen.se\/wp-content\/uploads\/2022\/12\/15-Insp-FRGfilm-Christian-Lindell.jpg\" srcset=\"https:\/\/frivilligaresursgruppen.se\/wp-content\/uploads\/2022\/12\/15-Insp-FRGfilm-Christian-Lindell-300x248.jpg 300w, https:\/\/frivilligaresursgruppen.se\/wp-content\/uploads\/2022\/12\/15-Insp-FRGfilm-Christian-Lindell-1024x846.jpg 1024w, https:\/\/frivilligaresursgruppen.se\/wp-content\/uploads\/2022\/12\/15-Insp-FRGfilm-Christian-Lindell-768x634.jpg 768w, https:\/\/frivilligaresursgruppen.se\/wp-content\/uploads\/2022\/12\/15-Insp-FRGfilm-Christian-Lindell-1536x1269.jpg 1536w, https:\/\/frivilligaresursgruppen.se\/wp-content\/uploads\/2022\/12\/15-Insp-FRGfilm-Christian-Lindell.jpg 1666w\" alt=\"\">\n\n                        <\/div>\n\n                        <div class=\"frg-press-block__header__image-container__image\">\n\n                            <img decoding=\"async\" src=\"https:\/\/frivilligaresursgruppen.se\/wp-content\/uploads\/2022\/12\/15-Insp-FRGfilm-Christian-Lindell.jpg\" srcset=\"https:\/\/frivilligaresursgruppen.se\/wp-content\/uploads\/2022\/12\/15-Insp-FRGfilm-Christian-Lindell-300x248.jpg 300w, https:\/\/frivilligaresursgruppen.se\/wp-content\/uploads\/2022\/12\/15-Insp-FRGfilm-Christian-Lindell-1024x846.jpg 1024w, https:\/\/frivilligaresursgruppen.se\/wp-content\/uploads\/2022\/12\/15-Insp-FRGfilm-Christian-Lindell-768x634.jpg 768w, https:\/\/frivilligaresursgruppen.se\/wp-content\/uploads\/2022\/12\/15-Insp-FRGfilm-Christian-Lindell-1536x1269.jpg 1536w, https:\/\/frivilligaresursgruppen.se\/wp-content\/uploads\/2022\/12\/15-Insp-FRGfilm-Christian-Lindell.jpg 1666w\" alt=\"\">\n\n                        <\/div>\n\n                        <a class=\"frg-press-block__header__image-container__zoom\" role=\"button\"><\/a>\n                    <\/div>\n\n                    \n\n                <\/div>\n\n                <div class=\"frg-press-block__file-list\">\n\n                    \n                    \n                        <p class=\"frg-press-block__file-list__file\">\n\n                            <a class=\"frg-press-block__file-list__file__link\" download href=\"\">\n\n                                Bild fr\u00e5n filminspelning. Foto: Christian Lindell                            \n                            <\/a>\n\n                        <\/p>\n\n                    \n            \t<\/div>\n            <\/div>\n        \n            <div class=\"frg-press-block__col col-12 col-xl-3\">\n\n                <div class=\"frg-press-block__header\">\n\n                    <div class=\"frg-press-block__header__image-container\">\n\n                        <div class=\"frg-press-block__header__image-container__lightbox\">\n\n                            <div class=\"frg-press-block__header__image-container__lightbox__close\" tabindex=\"0\">\n                            <\/div>\n\n                            <img decoding=\"async\" src=\"https:\/\/frivilligaresursgruppen.se\/wp-content\/uploads\/2022\/12\/12-Insp-FRGfilm-Christian-Lindell.jpg\" srcset=\"https:\/\/frivilligaresursgruppen.se\/wp-content\/uploads\/2022\/12\/12-Insp-FRGfilm-Christian-Lindell-222x300.jpg 222w, https:\/\/frivilligaresursgruppen.se\/wp-content\/uploads\/2022\/12\/12-Insp-FRGfilm-Christian-Lindell-758x1024.jpg 758w, https:\/\/frivilligaresursgruppen.se\/wp-content\/uploads\/2022\/12\/12-Insp-FRGfilm-Christian-Lindell-768x1038.jpg 768w, https:\/\/frivilligaresursgruppen.se\/wp-content\/uploads\/2022\/12\/12-Insp-FRGfilm-Christian-Lindell-1136x1536.jpg 1136w, https:\/\/frivilligaresursgruppen.se\/wp-content\/uploads\/2022\/12\/12-Insp-FRGfilm-Christian-Lindell.jpg 1515w\" alt=\"\">\n\n                        <\/div>\n\n                        <div class=\"frg-press-block__header__image-container__image\">\n\n                            <img decoding=\"async\" src=\"https:\/\/frivilligaresursgruppen.se\/wp-content\/uploads\/2022\/12\/12-Insp-FRGfilm-Christian-Lindell.jpg\" srcset=\"https:\/\/frivilligaresursgruppen.se\/wp-content\/uploads\/2022\/12\/12-Insp-FRGfilm-Christian-Lindell-222x300.jpg 222w, https:\/\/frivilligaresursgruppen.se\/wp-content\/uploads\/2022\/12\/12-Insp-FRGfilm-Christian-Lindell-758x1024.jpg 758w, https:\/\/frivilligaresursgruppen.se\/wp-content\/uploads\/2022\/12\/12-Insp-FRGfilm-Christian-Lindell-768x1038.jpg 768w, https:\/\/frivilligaresursgruppen.se\/wp-content\/uploads\/2022\/12\/12-Insp-FRGfilm-Christian-Lindell-1136x1536.jpg 1136w, https:\/\/frivilligaresursgruppen.se\/wp-content\/uploads\/2022\/12\/12-Insp-FRGfilm-Christian-Lindell.jpg 1515w\" alt=\"\">\n\n                        <\/div>\n\n                        <a class=\"frg-press-block__header__image-container__zoom\" role=\"button\"><\/a>\n                    <\/div>\n\n                    \n\n                <\/div>\n\n                <div class=\"frg-press-block__file-list\">\n\n                    \n                    \n                        <p class=\"frg-press-block__file-list__file\">\n\n                            <a class=\"frg-press-block__file-list__file__link\" download href=\"\">\n\n                                Bild fr\u00e5n filminspelning. Foto: Christian Lindell                            \n                            <\/a>\n\n                        <\/p>\n\n                    \n            \t<\/div>\n            <\/div>\n        \n            <div class=\"frg-press-block__col col-12 col-xl-3\">\n\n                <div class=\"frg-press-block__header\">\n\n                    <div class=\"frg-press-block__header__image-container\">\n\n                        <div class=\"frg-press-block__header__image-container__lightbox\">\n\n                            <div class=\"frg-press-block__header__image-container__lightbox__close\" tabindex=\"0\">\n                            <\/div>\n\n                            <img decoding=\"async\" src=\"https:\/\/frivilligaresursgruppen.se\/wp-content\/uploads\/2022\/12\/FRG-hjalpande-hand-RGB-scaled.jpg\" srcset=\"https:\/\/frivilligaresursgruppen.se\/wp-content\/uploads\/2022\/12\/FRG-hjalpande-hand-RGB-300x200.jpg 300w, https:\/\/frivilligaresursgruppen.se\/wp-content\/uploads\/2022\/12\/FRG-hjalpande-hand-RGB-1024x683.jpg 1024w, https:\/\/frivilligaresursgruppen.se\/wp-content\/uploads\/2022\/12\/FRG-hjalpande-hand-RGB-768x512.jpg 768w, https:\/\/frivilligaresursgruppen.se\/wp-content\/uploads\/2022\/12\/FRG-hjalpande-hand-RGB-1536x1024.jpg 1536w, https:\/\/frivilligaresursgruppen.se\/wp-content\/uploads\/2022\/12\/FRG-hjalpande-hand-RGB-2048x1365.jpg 2048w\" alt=\"\">\n\n                        <\/div>\n\n                        <div class=\"frg-press-block__header__image-container__image\">\n\n                            <img decoding=\"async\" src=\"https:\/\/frivilligaresursgruppen.se\/wp-content\/uploads\/2022\/12\/FRG-hjalpande-hand-RGB-scaled.jpg\" srcset=\"https:\/\/frivilligaresursgruppen.se\/wp-content\/uploads\/2022\/12\/FRG-hjalpande-hand-RGB-300x200.jpg 300w, https:\/\/frivilligaresursgruppen.se\/wp-content\/uploads\/2022\/12\/FRG-hjalpande-hand-RGB-1024x683.jpg 1024w, https:\/\/frivilligaresursgruppen.se\/wp-content\/uploads\/2022\/12\/FRG-hjalpande-hand-RGB-768x512.jpg 768w, https:\/\/frivilligaresursgruppen.se\/wp-content\/uploads\/2022\/12\/FRG-hjalpande-hand-RGB-1536x1024.jpg 1536w, https:\/\/frivilligaresursgruppen.se\/wp-content\/uploads\/2022\/12\/FRG-hjalpande-hand-RGB-2048x1365.jpg 2048w\" alt=\"\">\n\n                        <\/div>\n\n                        <a class=\"frg-press-block__header__image-container__zoom\" role=\"button\"><\/a>\n                    <\/div>\n\n                    \n\n                <\/div>\n\n                <div class=\"frg-press-block__file-list\">\n\n                    \n                    \n                        <p class=\"frg-press-block__file-list__file\">\n\n                            <a class=\"frg-press-block__file-list__file__link\" download href=\"https:\/\/frivilligaresursgruppen.se\/wp-content\/uploads\/2022\/12\/FRG-hjalpande-hand-RGB-scaled.jpg\">\n\n                                En hj\u00e4lpande hand. Foto: Johan Paulin                            \n                            <\/a>\n\n                        <\/p>\n\n                    \n            \t<\/div>\n            <\/div>\n        \n            <div class=\"frg-press-block__col col-12 col-xl-3\">\n\n                <div class=\"frg-press-block__header\">\n\n                    <div class=\"frg-press-block__header__image-container\">\n\n                        <div class=\"frg-press-block__header__image-container__lightbox\">\n\n                            <div class=\"frg-press-block__header__image-container__lightbox__close\" tabindex=\"0\">\n                            <\/div>\n\n                            <img decoding=\"async\" src=\"https:\/\/frivilligaresursgruppen.se\/wp-content\/uploads\/2022\/12\/FRG-dra-pa-dig-vasten-RGB-scaled.jpg\" srcset=\"https:\/\/frivilligaresursgruppen.se\/wp-content\/uploads\/2022\/12\/FRG-dra-pa-dig-vasten-RGB-204x300.jpg 204w, https:\/\/frivilligaresursgruppen.se\/wp-content\/uploads\/2022\/12\/FRG-dra-pa-dig-vasten-RGB-698x1024.jpg 698w, https:\/\/frivilligaresursgruppen.se\/wp-content\/uploads\/2022\/12\/FRG-dra-pa-dig-vasten-RGB-768x1127.jpg 768w, https:\/\/frivilligaresursgruppen.se\/wp-content\/uploads\/2022\/12\/FRG-dra-pa-dig-vasten-RGB-1046x1536.jpg 1046w, https:\/\/frivilligaresursgruppen.se\/wp-content\/uploads\/2022\/12\/FRG-dra-pa-dig-vasten-RGB-1395x2048.jpg 1395w, https:\/\/frivilligaresursgruppen.se\/wp-content\/uploads\/2022\/12\/FRG-dra-pa-dig-vasten-RGB-scaled.jpg 1744w\" alt=\"\">\n\n                        <\/div>\n\n                        <div class=\"frg-press-block__header__image-container__image\">\n\n                            <img decoding=\"async\" src=\"https:\/\/frivilligaresursgruppen.se\/wp-content\/uploads\/2022\/12\/FRG-dra-pa-dig-vasten-RGB-scaled.jpg\" srcset=\"https:\/\/frivilligaresursgruppen.se\/wp-content\/uploads\/2022\/12\/FRG-dra-pa-dig-vasten-RGB-204x300.jpg 204w, https:\/\/frivilligaresursgruppen.se\/wp-content\/uploads\/2022\/12\/FRG-dra-pa-dig-vasten-RGB-698x1024.jpg 698w, https:\/\/frivilligaresursgruppen.se\/wp-content\/uploads\/2022\/12\/FRG-dra-pa-dig-vasten-RGB-768x1127.jpg 768w, https:\/\/frivilligaresursgruppen.se\/wp-content\/uploads\/2022\/12\/FRG-dra-pa-dig-vasten-RGB-1046x1536.jpg 1046w, https:\/\/frivilligaresursgruppen.se\/wp-content\/uploads\/2022\/12\/FRG-dra-pa-dig-vasten-RGB-1395x2048.jpg 1395w, https:\/\/frivilligaresursgruppen.se\/wp-content\/uploads\/2022\/12\/FRG-dra-pa-dig-vasten-RGB-scaled.jpg 1744w\" alt=\"\">\n\n                        <\/div>\n\n                        <a class=\"frg-press-block__header__image-container__zoom\" role=\"button\"><\/a>\n                    <\/div>\n\n                    \n\n                <\/div>\n\n                <div class=\"frg-press-block__file-list\">\n\n                    \n                    \n                        <p class=\"frg-press-block__file-list__file\">\n\n                            <a class=\"frg-press-block__file-list__file__link\" download href=\"https:\/\/frivilligaresursgruppen.se\/wp-content\/uploads\/2022\/12\/FRG-dra-pa-dig-vasten-RGB-scaled.jpg\">\n\n                                Dra p\u00e5 dig v\u00e4sten. Foto: Johan Paulin                            \n                            <\/a>\n\n                        <\/p>\n\n                    \n            \t<\/div>\n            <\/div>\n        \n            <div class=\"frg-press-block__col col-12 col-xl-3\">\n\n                <div class=\"frg-press-block__header\">\n\n                    <div class=\"frg-press-block__header__image-container\">\n\n                        <div class=\"frg-press-block__header__image-container__lightbox\">\n\n                            <div class=\"frg-press-block__header__image-container__lightbox__close\" tabindex=\"0\">\n                            <\/div>\n\n                            <img decoding=\"async\" src=\"https:\/\/frivilligaresursgruppen.se\/wp-content\/uploads\/2022\/12\/FRG-brandkar-webb.jpg\" srcset=\"https:\/\/frivilligaresursgruppen.se\/wp-content\/uploads\/2022\/12\/FRG-brandkar-webb-300x227.jpg 300w, https:\/\/frivilligaresursgruppen.se\/wp-content\/uploads\/2022\/12\/FRG-brandkar-webb-768x582.jpg 768w, https:\/\/frivilligaresursgruppen.se\/wp-content\/uploads\/2022\/12\/FRG-brandkar-webb.jpg 800w\" alt=\"\">\n\n                        <\/div>\n\n                        <div class=\"frg-press-block__header__image-container__image\">\n\n                            <img decoding=\"async\" src=\"https:\/\/frivilligaresursgruppen.se\/wp-content\/uploads\/2022\/12\/FRG-brandkar-webb.jpg\" srcset=\"https:\/\/frivilligaresursgruppen.se\/wp-content\/uploads\/2022\/12\/FRG-brandkar-webb-300x227.jpg 300w, https:\/\/frivilligaresursgruppen.se\/wp-content\/uploads\/2022\/12\/FRG-brandkar-webb-768x582.jpg 768w, https:\/\/frivilligaresursgruppen.se\/wp-content\/uploads\/2022\/12\/FRG-brandkar-webb.jpg 800w\" alt=\"\">\n\n                        <\/div>\n\n                        <a class=\"frg-press-block__header__image-container__zoom\" role=\"button\"><\/a>\n                    <\/div>\n\n                    \n\n                <\/div>\n\n                <div class=\"frg-press-block__file-list\">\n\n                    \n                    \n                        <p class=\"frg-press-block__file-list__file\">\n\n                            <a class=\"frg-press-block__file-list__file__link\" download href=\"https:\/\/frivilligaresursgruppen.se\/wp-content\/uploads\/2022\/12\/FRG-brandkar-webb.jpg\">\n\n                                Brandk\u00e5r. Foto: Johan Paulin                            \n                            <\/a>\n\n                        <\/p>\n\n                    \n            \t<\/div>\n            <\/div>\n        \n            <div class=\"frg-press-block__col col-12 col-xl-3\">\n\n                <div class=\"frg-press-block__header\">\n\n                    <div class=\"frg-press-block__header__image-container\">\n\n                        <div class=\"frg-press-block__header__image-container__lightbox\">\n\n                            <div class=\"frg-press-block__header__image-container__lightbox__close\" tabindex=\"0\">\n                            <\/div>\n\n                            <img decoding=\"async\" src=\"https:\/\/frivilligaresursgruppen.se\/wp-content\/uploads\/2022\/12\/FRG-ledarbild-webb.jpg\" srcset=\"https:\/\/frivilligaresursgruppen.se\/wp-content\/uploads\/2022\/12\/FRG-ledarbild-webb-300x200.jpg 300w, https:\/\/frivilligaresursgruppen.se\/wp-content\/uploads\/2022\/12\/FRG-ledarbild-webb-768x512.jpg 768w, https:\/\/frivilligaresursgruppen.se\/wp-content\/uploads\/2022\/12\/FRG-ledarbild-webb.jpg 850w\" alt=\"\">\n\n                        <\/div>\n\n                        <div class=\"frg-press-block__header__image-container__image\">\n\n                            <img decoding=\"async\" src=\"https:\/\/frivilligaresursgruppen.se\/wp-content\/uploads\/2022\/12\/FRG-ledarbild-webb.jpg\" srcset=\"https:\/\/frivilligaresursgruppen.se\/wp-content\/uploads\/2022\/12\/FRG-ledarbild-webb-300x200.jpg 300w, https:\/\/frivilligaresursgruppen.se\/wp-content\/uploads\/2022\/12\/FRG-ledarbild-webb-768x512.jpg 768w, https:\/\/frivilligaresursgruppen.se\/wp-content\/uploads\/2022\/12\/FRG-ledarbild-webb.jpg 850w\" alt=\"\">\n\n                        <\/div>\n\n                        <a class=\"frg-press-block__header__image-container__zoom\" role=\"button\"><\/a>\n                    <\/div>\n\n                    \n\n                <\/div>\n\n                <div class=\"frg-press-block__file-list\">\n\n                    \n                    \n                        <p class=\"frg-press-block__file-list__file\">\n\n                            <a class=\"frg-press-block__file-list__file__link\" download href=\"https:\/\/frivilligaresursgruppen.se\/wp-content\/uploads\/2022\/12\/FRG-ledarbild-webb.jpg\">\n\n                                FRG ledarbild. Foto: Johan Paulin                            \n                            <\/a>\n\n                        <\/p>\n\n                    \n            \t<\/div>\n            <\/div>\n        \n            <div class=\"frg-press-block__col col-12 col-xl-3\">\n\n                <div class=\"frg-press-block__header\">\n\n                    <div class=\"frg-press-block__header__image-container\">\n\n                        <div class=\"frg-press-block__header__image-container__lightbox\">\n\n                            <div class=\"frg-press-block__header__image-container__lightbox__close\" tabindex=\"0\">\n                            <\/div>\n\n                            <img decoding=\"async\" src=\"https:\/\/frivilligaresursgruppen.se\/wp-content\/uploads\/2022\/12\/FRG-informationstalt-satta-upp-webb.jpg\" srcset=\"https:\/\/frivilligaresursgruppen.se\/wp-content\/uploads\/2022\/12\/FRG-informationstalt-satta-upp-webb-300x200.jpg 300w, https:\/\/frivilligaresursgruppen.se\/wp-content\/uploads\/2022\/12\/FRG-informationstalt-satta-upp-webb-768x512.jpg 768w, https:\/\/frivilligaresursgruppen.se\/wp-content\/uploads\/2022\/12\/FRG-informationstalt-satta-upp-webb.jpg 850w\" alt=\"\">\n\n                        <\/div>\n\n                        <div class=\"frg-press-block__header__image-container__image\">\n\n                            <img decoding=\"async\" src=\"https:\/\/frivilligaresursgruppen.se\/wp-content\/uploads\/2022\/12\/FRG-informationstalt-satta-upp-webb.jpg\" srcset=\"https:\/\/frivilligaresursgruppen.se\/wp-content\/uploads\/2022\/12\/FRG-informationstalt-satta-upp-webb-300x200.jpg 300w, https:\/\/frivilligaresursgruppen.se\/wp-content\/uploads\/2022\/12\/FRG-informationstalt-satta-upp-webb-768x512.jpg 768w, https:\/\/frivilligaresursgruppen.se\/wp-content\/uploads\/2022\/12\/FRG-informationstalt-satta-upp-webb.jpg 850w\" alt=\"\">\n\n                        <\/div>\n\n                        <a class=\"frg-press-block__header__image-container__zoom\" role=\"button\"><\/a>\n                    <\/div>\n\n                    \n\n                <\/div>\n\n                <div class=\"frg-press-block__file-list\">\n\n                    \n                    \n                        <p class=\"frg-press-block__file-list__file\">\n\n                            <a class=\"frg-press-block__file-list__file__link\" download href=\"https:\/\/frivilligaresursgruppen.se\/wp-content\/uploads\/2022\/12\/FRG-informationstalt-satta-upp-webb.jpg\">\n\n                                S\u00e4tta upp informationst\u00e4lt. Foto: Johan Paulin                            \n                            <\/a>\n\n                        <\/p>\n\n                    \n            \t<\/div>\n            <\/div>\n        \n            <div class=\"frg-press-block__col col-12 col-xl-3\">\n\n                <div class=\"frg-press-block__header\">\n\n                    <div class=\"frg-press-block__header__image-container\">\n\n                        <div class=\"frg-press-block__header__image-container__lightbox\">\n\n                            <div class=\"frg-press-block__header__image-container__lightbox__close\" tabindex=\"0\">\n                            <\/div>\n\n                            <img decoding=\"async\" src=\"https:\/\/frivilligaresursgruppen.se\/wp-content\/uploads\/2022\/12\/Koranvisning-2-300x200-1.jpg\" srcset=\"\" alt=\"\">\n\n                        <\/div>\n\n                        <div class=\"frg-press-block__header__image-container__image\">\n\n                            <img decoding=\"async\" src=\"https:\/\/frivilligaresursgruppen.se\/wp-content\/uploads\/2022\/12\/Koranvisning-2-300x200-1.jpg\" srcset=\"\" alt=\"\">\n\n                        <\/div>\n\n                        <a class=\"frg-press-block__header__image-container__zoom\" role=\"button\"><\/a>\n                    <\/div>\n\n                    \n\n                <\/div>\n\n                <div class=\"frg-press-block__file-list\">\n\n                    \n                    \n                        <p class=\"frg-press-block__file-list__file\">\n\n                            <a class=\"frg-press-block__file-list__file__link\" download href=\"https:\/\/frivilligaresursgruppen.se\/wp-content\/uploads\/2022\/12\/Koranvisning-2-300x200-1.jpg\">\n\n                                K\u00f6ranvisning. Foto: Johan Paulin                            \n                            <\/a>\n\n                        <\/p>\n\n                    \n            \t<\/div>\n            <\/div>\n        \n            <div class=\"frg-press-block__col col-12 col-xl-3\">\n\n                <div class=\"frg-press-block__header\">\n\n                    <div class=\"frg-press-block__header__image-container\">\n\n                        <div class=\"frg-press-block__header__image-container__lightbox\">\n\n                            <div class=\"frg-press-block__header__image-container__lightbox__close\" tabindex=\"0\">\n                            <\/div>\n\n                            <img decoding=\"async\" src=\"https:\/\/frivilligaresursgruppen.se\/wp-content\/uploads\/2022\/12\/Koranvisning-1-300x200-1.jpg\" srcset=\"\" alt=\"\">\n\n                        <\/div>\n\n                        <div class=\"frg-press-block__header__image-container__image\">\n\n                            <img decoding=\"async\" src=\"https:\/\/frivilligaresursgruppen.se\/wp-content\/uploads\/2022\/12\/Koranvisning-1-300x200-1.jpg\" srcset=\"\" alt=\"\">\n\n                        <\/div>\n\n                        <a class=\"frg-press-block__header__image-container__zoom\" role=\"button\"><\/a>\n                    <\/div>\n\n                    \n\n                <\/div>\n\n                <div class=\"frg-press-block__file-list\">\n\n                    \n                    \n                        <p class=\"frg-press-block__file-list__file\">\n\n                            <a class=\"frg-press-block__file-list__file__link\" download href=\"https:\/\/frivilligaresursgruppen.se\/wp-content\/uploads\/2022\/12\/Koranvisning-1-300x200-1.jpg\">\n\n                                K\u00f6ranvisning 1. Foto: Johan Paulin                            \n                            <\/a>\n\n                        <\/p>\n\n                    \n            \t<\/div>\n            <\/div>\n        \n            <div class=\"frg-press-block__col col-12 col-xl-3\">\n\n                <div class=\"frg-press-block__header\">\n\n                    <div class=\"frg-press-block__header__image-container\">\n\n                        <div class=\"frg-press-block__header__image-container__lightbox\">\n\n                            <div class=\"frg-press-block__header__image-container__lightbox__close\" tabindex=\"0\">\n                            <\/div>\n\n                            <img decoding=\"async\" src=\"https:\/\/frivilligaresursgruppen.se\/wp-content\/uploads\/2022\/12\/Reservaggregat-1-300x200-1.jpg\" srcset=\"\" alt=\"\">\n\n                        <\/div>\n\n                        <div class=\"frg-press-block__header__image-container__image\">\n\n                            <img decoding=\"async\" src=\"https:\/\/frivilligaresursgruppen.se\/wp-content\/uploads\/2022\/12\/Reservaggregat-1-300x200-1.jpg\" srcset=\"\" alt=\"\">\n\n                        <\/div>\n\n                        <a class=\"frg-press-block__header__image-container__zoom\" role=\"button\"><\/a>\n                    <\/div>\n\n                    \n\n                <\/div>\n\n                <div class=\"frg-press-block__file-list\">\n\n                    \n                    \n                        <p class=\"frg-press-block__file-list__file\">\n\n                            <a class=\"frg-press-block__file-list__file__link\" download href=\"https:\/\/frivilligaresursgruppen.se\/wp-content\/uploads\/2022\/12\/Reservaggregat-1-300x200-1.jpg\">\n\n                                Reservaggregat. Foto: Johan Paulin                            \n                            <\/a>\n\n                        <\/p>\n\n                    \n            \t<\/div>\n            <\/div>\n        \n            <div class=\"frg-press-block__col col-12 col-xl-3\">\n\n                <div class=\"frg-press-block__header\">\n\n                    <div class=\"frg-press-block__header__image-container\">\n\n                        <div class=\"frg-press-block__header__image-container__lightbox\">\n\n                            <div class=\"frg-press-block__header__image-container__lightbox__close\" tabindex=\"0\">\n                            <\/div>\n\n                            <img decoding=\"async\" src=\"https:\/\/frivilligaresursgruppen.se\/wp-content\/uploads\/2022\/12\/Reservaggregat-2-300x200-1.jpg\" srcset=\"\" alt=\"\">\n\n                        <\/div>\n\n                        <div class=\"frg-press-block__header__image-container__image\">\n\n                            <img decoding=\"async\" src=\"https:\/\/frivilligaresursgruppen.se\/wp-content\/uploads\/2022\/12\/Reservaggregat-2-300x200-1.jpg\" srcset=\"\" alt=\"\">\n\n                        <\/div>\n\n                        <a class=\"frg-press-block__header__image-container__zoom\" role=\"button\"><\/a>\n                    <\/div>\n\n                    \n\n                <\/div>\n\n                <div class=\"frg-press-block__file-list\">\n\n                    \n                    \n                        <p class=\"frg-press-block__file-list__file\">\n\n                            <a class=\"frg-press-block__file-list__file__link\" download href=\"https:\/\/frivilligaresursgruppen.se\/wp-content\/uploads\/2022\/12\/Reservaggregat-2-300x200-1.jpg\">\n\n                                Reservaggregat 2. Foto: Johan Paulin                            \n                            <\/a>\n\n                        <\/p>\n\n                    \n            \t<\/div>\n            <\/div>\n        \n            <div class=\"frg-press-block__col col-12 col-xl-3\">\n\n                <div class=\"frg-press-block__header\">\n\n                    <div class=\"frg-press-block__header__image-container\">\n\n                        <div class=\"frg-press-block__header__image-container__lightbox\">\n\n                            <div class=\"frg-press-block__header__image-container__lightbox__close\" tabindex=\"0\">\n                            <\/div>\n\n                            <img decoding=\"async\" src=\"https:\/\/frivilligaresursgruppen.se\/wp-content\/uploads\/2023\/06\/frg_bild_05.jpg\" srcset=\"https:\/\/frivilligaresursgruppen.se\/wp-content\/uploads\/2023\/06\/frg_bild_05-300x200.jpg 300w, https:\/\/frivilligaresursgruppen.se\/wp-content\/uploads\/2023\/06\/frg_bild_05-768x512.jpg 768w, https:\/\/frivilligaresursgruppen.se\/wp-content\/uploads\/2023\/06\/frg_bild_05.jpg 850w\" alt=\"\">\n\n                        <\/div>\n\n                        <div class=\"frg-press-block__header__image-container__image\">\n\n                            <img decoding=\"async\" src=\"https:\/\/frivilligaresursgruppen.se\/wp-content\/uploads\/2023\/06\/frg_bild_05.jpg\" srcset=\"https:\/\/frivilligaresursgruppen.se\/wp-content\/uploads\/2023\/06\/frg_bild_05-300x200.jpg 300w, https:\/\/frivilligaresursgruppen.se\/wp-content\/uploads\/2023\/06\/frg_bild_05-768x512.jpg 768w, https:\/\/frivilligaresursgruppen.se\/wp-content\/uploads\/2023\/06\/frg_bild_05.jpg 850w\" alt=\"\">\n\n                        <\/div>\n\n                        <a class=\"frg-press-block__header__image-container__zoom\" role=\"button\"><\/a>\n                    <\/div>\n\n                    \n\n                <\/div>\n\n                <div class=\"frg-press-block__file-list\">\n\n                    \n                    \n                        <p class=\"frg-press-block__file-list__file\">\n\n                            <a class=\"frg-press-block__file-list__file__link\" download href=\"https:\/\/frivilligaresursgruppen.se\/wp-content\/uploads\/2022\/12\/Tappstalle-300x200-1.jpg\">\n\n                                Tappst\u00e4lle. Foto: Johan Paulin                            \n                            <\/a>\n\n                        <\/p>\n\n                    \n            \t<\/div>\n            <\/div>\n        \n            <div class=\"frg-press-block__col col-12 col-xl-3\">\n\n                <div class=\"frg-press-block__header\">\n\n                    <div class=\"frg-press-block__header__image-container\">\n\n                        <div class=\"frg-press-block__header__image-container__lightbox\">\n\n                            <div class=\"frg-press-block__header__image-container__lightbox__close\" tabindex=\"0\">\n                            <\/div>\n\n                            <img decoding=\"async\" src=\"https:\/\/frivilligaresursgruppen.se\/wp-content\/uploads\/2022\/12\/30minuters-300x200-1.jpg\" srcset=\"\" alt=\"\">\n\n                        <\/div>\n\n                        <div class=\"frg-press-block__header__image-container__image\">\n\n                            <img decoding=\"async\" src=\"https:\/\/frivilligaresursgruppen.se\/wp-content\/uploads\/2022\/12\/30minuters-300x200-1.jpg\" srcset=\"\" alt=\"\">\n\n                        <\/div>\n\n                        <a class=\"frg-press-block__header__image-container__zoom\" role=\"button\"><\/a>\n                    <\/div>\n\n                    \n\n                <\/div>\n\n                <div class=\"frg-press-block__file-list\">\n\n                    \n                    \n                        <p class=\"frg-press-block__file-list__file\">\n\n                            <a class=\"frg-press-block__file-list__file__link\" download href=\"https:\/\/frivilligaresursgruppen.se\/wp-content\/uploads\/2022\/12\/30minuters-300x200-1.jpg\">\n\n                                30minuters. Foto: Johan Paulin                            \n                            <\/a>\n\n                        <\/p>\n\n                    \n            \t<\/div>\n            <\/div>\n            <\/div>\n<\/div>\n<\/div>","protected":false},"excerpt":{"rendered":"<p>Ladda hem olika original, bilder och presentationer som har med Frivilliga Resursgruppen att g\u00f6ra. Observera att vi numera anv\u00e4nder den best\u00e4mda formen Frivilliga Resursgruppen n\u00e4r FRG skrivs ut. Vid fr\u00e5gor kontakta: frg@civil.se Information Faktablad FRGPDF med allm\u00e4n information om FRG.Ladda ned Faktablad FRG januari 2024 Allm\u00e4n informationPowerpoint-presentation som inneh\u00e5ller allm\u00e4n information om FRG:&#8221;Allm\u00e4n information om [&#8230;]<\/p>\n<p><a class=\"btn btn-secondary understrap-read-more-link\" href=\"https:\/\/frivilligaresursgruppen.se\/pressmaterial\/\">L\u00e4s mer \u2026<span class=\"screen-reader-text\"> from Informationsmaterial<\/span><\/a><\/p>\n","protected":false},"author":1,"featured_media":1268,"parent":0,"menu_order":0,"comment_status":"closed","ping_status":"closed","template":"","meta":{"_acf_changed":false,"footnotes":""},"class_list":["post-73","page","type-page","status-publish","has-post-thumbnail","hentry"],"acf":[],"_links":{"self":[{"href":"https:\/\/frivilligaresursgruppen.se\/frg-xnbmox-json\/wp\/v2\/pages\/73","targetHints":{"allow":["GET"]}}],"collection":[{"href":"https:\/\/frivilligaresursgruppen.se\/frg-xnbmox-json\/wp\/v2\/pages"}],"about":[{"href":"https:\/\/frivilligaresursgruppen.se\/frg-xnbmox-json\/wp\/v2\/types\/page"}],"author":[{"embeddable":true,"href":"https:\/\/frivilligaresursgruppen.se\/frg-xnbmox-json\/wp\/v2\/users\/1"}],"replies":[{"embeddable":true,"href":"https:\/\/frivilligaresursgruppen.se\/frg-xnbmox-json\/wp\/v2\/comments?post=73"}],"version-history":[{"count":127,"href":"https:\/\/frivilligaresursgruppen.se\/frg-xnbmox-json\/wp\/v2\/pages\/73\/revisions"}],"predecessor-version":[{"id":12398,"href":"https:\/\/frivilligaresursgruppen.se\/frg-xnbmox-json\/wp\/v2\/pages\/73\/revisions\/12398"}],"wp:featuredmedia":[{"embeddable":true,"href":"https:\/\/frivilligaresursgruppen.se\/frg-xnbmox-json\/wp\/v2\/media\/1268"}],"wp:attachment":[{"href":"https:\/\/frivilligaresursgruppen.se\/frg-xnbmox-json\/wp\/v2\/media?parent=73"}],"curies":[{"name":"wp","href":"https:\/\/api.w.org\/{rel}","templated":true}]}}