{"id":806,"date":"2022-10-14T12:18:33","date_gmt":"2022-10-14T10:18:33","guid":{"rendered":"https:\/\/frivilligaresursgruppen.se\/?page_id=806"},"modified":"2025-12-11T08:11:03","modified_gmt":"2025-12-11T07:11:03","slug":"frg-ansvarig-grundutbildning","status":"publish","type":"page","link":"https:\/\/frivilligaresursgruppen.se\/frg-ansvarig-grundutbildning\/","title":{"rendered":"FRG-ansvarig \u2013 grundutbildning"},"content":{"rendered":"\n<p>Som ansvarig samordnar du kontakterna mellan frivilligorganisationerna och kommunen. Du \u00e4r den som skapar f\u00f6ruts\u00e4ttningar f\u00f6r att kommunen f\u00e5r en FRG anpassad till dess behov. Du planerar gruppens grundutbildning, ordnar med l\u00e4rare\/instrukt\u00f6rer och \u00e4r ansvarig f\u00f6r att de som ing\u00e5r i gruppen f\u00e5r adekvat utbildning.<\/p>\n\n\n\n<p><strong>Tid<\/strong>: 24 timmar. Utbildningen genomf\u00f6rs centralt.<\/p>\n\n\n\n<p><strong>Krav<\/strong>: Medlem i en frivillig f\u00f6rsvarsorganisation. Genomg\u00e5tt grundutbildning f\u00f6r FRG-resurser. God kontaktskapare, goda kunskaper om frivilliga f\u00f6rsvarsorganisationernas verksamhet samt kunna planera och genomf\u00f6ra utbildningar. <strong>Den FRG-ansvariga ska ocks\u00e5 vara utsedd av kommunen.<\/strong><\/p>\n\n\n\n<p><br><strong>Ers\u00e4ttning:<\/strong>&nbsp;Du f\u00e5r kost, logi, reseers\u00e4ttning och dagpenning via Civilf\u00f6rsvarsf\u00f6rbundet.<\/p>\n\n\n<div class=\"frg-button-link-block\">\n\n        \n\n\n<div class=\"frg-button-link\">\n\n    <a href=\"https:\/\/frivilligaresursgruppen.se\/wp-content\/uploads\/2023\/11\/Har-du-vad-som-kravs.pdf\" class=\"btn btn-sm btn-black\" role=\"button\" target=\"\">\n\n        L\u00e4s ocks\u00e5 detta: Har du vad som kr\u00e4vs?\n    <\/a>\n\n<\/div>\n\n<\/div>\n\n\n<p><em><strong>Anm\u00e4lan g\u00f6r du via resursregistret.<\/strong><\/em><\/p>\n\n\n\n<p><strong>Utbildningar:<\/strong><\/p>\n\n\n\n<ul class=\"wp-block-list\">\n<li>20-22 mars 2026, Rosersberg.<\/li>\n\n\n\n<li>8-10 maj 2026,<strong> <\/strong>Rosersberg.<\/li>\n\n\n\n<li>28-30 augusti 2026, Rosersberg<\/li>\n\n\n\n<li>2-4 oktober 2026, Rosersberg<\/li>\n<\/ul>\n\n\n\n<p><em><strong>Har du problem med din anm\u00e4lan? Mejla <a href=\"mailto:utbildning@civil.se\">utbildning@civil.se<\/a>.<\/strong><\/em><\/p>\n\n\n\n<p><\/p>\n","protected":false},"excerpt":{"rendered":"<p>Som ansvarig samordnar du kontakterna mellan frivilligorganisationerna och kommunen. Du \u00e4r den som skapar f\u00f6ruts\u00e4ttningar f\u00f6r att kommunen f\u00e5r en FRG anpassad till dess behov. Du planerar gruppens grundutbildning, ordnar med l\u00e4rare\/instrukt\u00f6rer och \u00e4r ansvarig f\u00f6r att de som ing\u00e5r i gruppen f\u00e5r adekvat utbildning. Tid: 24 timmar. Utbildningen genomf\u00f6rs centralt. Krav: Medlem i en [&#8230;]<\/p>\n<p><a class=\"btn btn-secondary understrap-read-more-link\" href=\"https:\/\/frivilligaresursgruppen.se\/frg-ansvarig-grundutbildning\/\">L\u00e4s mer \u2026<span class=\"screen-reader-text\"> from FRG-ansvarig \u2013 grundutbildning<\/span><\/a><\/p>\n","protected":false},"author":5,"featured_media":0,"parent":0,"menu_order":0,"comment_status":"closed","ping_status":"closed","template":"","meta":{"_acf_changed":false,"footnotes":""},"class_list":["post-806","page","type-page","status-publish","hentry"],"acf":[],"_links":{"self":[{"href":"https:\/\/frivilligaresursgruppen.se\/frg-xnbmox-json\/wp\/v2\/pages\/806","targetHints":{"allow":["GET"]}}],"collection":[{"href":"https:\/\/frivilligaresursgruppen.se\/frg-xnbmox-json\/wp\/v2\/pages"}],"about":[{"href":"https:\/\/frivilligaresursgruppen.se\/frg-xnbmox-json\/wp\/v2\/types\/page"}],"author":[{"embeddable":true,"href":"https:\/\/frivilligaresursgruppen.se\/frg-xnbmox-json\/wp\/v2\/users\/5"}],"replies":[{"embeddable":true,"href":"https:\/\/frivilligaresursgruppen.se\/frg-xnbmox-json\/wp\/v2\/comments?post=806"}],"version-history":[{"count":37,"href":"https:\/\/frivilligaresursgruppen.se\/frg-xnbmox-json\/wp\/v2\/pages\/806\/revisions"}],"predecessor-version":[{"id":11622,"href":"https:\/\/frivilligaresursgruppen.se\/frg-xnbmox-json\/wp\/v2\/pages\/806\/revisions\/11622"}],"wp:attachment":[{"href":"https:\/\/frivilligaresursgruppen.se\/frg-xnbmox-json\/wp\/v2\/media?parent=806"}],"curies":[{"name":"wp","href":"https:\/\/api.w.org\/{rel}","templated":true}]}}